{"id":63163,"date":"2024-12-04T15:30:41","date_gmt":"2024-12-04T14:30:41","guid":{"rendered":"https:\/\/www.terapiaurbana.com\/vorteile\/"},"modified":"2025-02-06T18:58:49","modified_gmt":"2025-02-06T17:58:49","slug":"vorteile","status":"publish","type":"page","link":"https:\/\/www.terapiaurbana.com\/de\/vorteile\/","title":{"rendered":"Vorteile"},"content":{"rendered":"\n<div class=\"wp-block-uagb-container uagb-block-6d77614d alignfull uagb-is-root-container\"><div class=\"uagb-container-inner-blocks-wrap\">\n<div class=\"wp-block-uagb-advanced-heading uagb-block-633fa50f\"><h2 class=\"uagb-heading-text\">VORTEILE DER VERTIKALEN G\u00c4RTEN<\/h2><\/div>\n<\/div><\/div>\n\n<div class=\"wp-block-uagb-container uagb-block-338880d7 alignfull uagb-is-root-container\"><div class=\"uagb-container-inner-blocks-wrap\"><\/div><\/div>\n\n<div class=\"wp-block-uagb-container uagb-block-74fe65cd alignfull uagb-is-root-container\"><div class=\"uagb-container-inner-blocks-wrap\">\n<div class=\"wp-block-uagb-advanced-heading uagb-block-0798cb1f\"><h2 class=\"uagb-heading-text\">VORTEILE DER LANDSCHAFTSGESTALTUNG VON GEB\u00c4UDEN<\/h2><\/div>\n\n\n\n<p>Begr\u00fcnte Fassaden und begr\u00fcnte D\u00e4cher bringen gro\u00dfe Vorteile f\u00fcr die Umwelt, Geb\u00e4ude und Menschen. Sie erm\u00f6glichen es, die nat\u00fcrlichen Prozesse von Pflanzen zu nutzen, um zahlreiche Probleme in St\u00e4dten und Innenr\u00e4umen zu bek\u00e4mpfen. Zu den Vorteilen geh\u00f6ren:<\/p>\n<\/div><\/div>\n\n<div class=\"wp-block-uagb-container uagb-block-65468aea alignfull uagb-is-root-container\"><div class=\"uagb-container-inner-blocks-wrap\">\n<figure class=\"wp-block-image size-full\"><img loading=\"lazy\" decoding=\"async\" width=\"1400\" height=\"125\" src=\"https:\/\/www.terapiaurbana.com\/wp-content\/uploads\/2024\/12\/proceso-de-naturacion.jpg\" alt=\"\" class=\"wp-image-61227\" srcset=\"https:\/\/www.terapiaurbana.com\/wp-content\/uploads\/2024\/12\/proceso-de-naturacion.jpg 1400w, https:\/\/www.terapiaurbana.com\/wp-content\/uploads\/2024\/12\/proceso-de-naturacion-300x27.jpg 300w, https:\/\/www.terapiaurbana.com\/wp-content\/uploads\/2024\/12\/proceso-de-naturacion-1024x91.jpg 1024w, https:\/\/www.terapiaurbana.com\/wp-content\/uploads\/2024\/12\/proceso-de-naturacion-768x69.jpg 768w, https:\/\/www.terapiaurbana.com\/wp-content\/uploads\/2024\/12\/proceso-de-naturacion-500x45.jpg 500w, https:\/\/www.terapiaurbana.com\/wp-content\/uploads\/2024\/12\/proceso-de-naturacion-800x71.jpg 800w, https:\/\/www.terapiaurbana.com\/wp-content\/uploads\/2024\/12\/proceso-de-naturacion-1280x114.jpg 1280w\" sizes=\"auto, (max-width: 1400px) 100vw, 1400px\" \/><\/figure>\n<\/div><\/div>\n\n<div class=\"wp-block-uagb-container uagb-block-79b9ec43 alignfull uagb-is-root-container\"><div class=\"uagb-container-inner-blocks-wrap\">\n<div class=\"wp-block-uagb-container uagb-block-c79c4c6b\">\n<p class=\"has-text-align-center\">UMWELT<\/p>\n<\/div>\n\n\n\n<div class=\"wp-block-uagb-container uagb-block-32f19108\">\n<p class=\"has-text-align-center\">GEB\u00c4UDE<\/p>\n<\/div>\n\n\n\n<div class=\"wp-block-uagb-container uagb-block-bb1c9514\">\n<p class=\"has-text-align-center\">PERSONEN<\/p>\n<\/div>\n\n\n\n<div class=\"wp-block-uagb-container uagb-block-fb1ec00d\">\n<p class=\"has-text-align-center\">INSTITUTIONEN<\/p>\n<\/div>\n<\/div><\/div>\n\n<div class=\"wp-block-uagb-container uagb-block-40cdfb3c alignfull uagb-is-root-container\"><div class=\"uagb-container-inner-blocks-wrap\">\n<div class=\"wp-block-uagb-container uagb-block-dfb0a295\">\n<div class=\"wp-block-uagb-advanced-heading uagb-block-8ac4b519\"><h2 class=\"uagb-heading-text\">1. VORTEILE F\u00dcR DIE UMWELT<\/h2><\/div>\n\n\n\n<p>Pflanzen binden viele Luftschadstoffe und erh\u00f6hen die CO2-bindenden Oberfl\u00e4chen, senken die Temperatur in ihrer Umgebung und sorgen durch Evapotranspiration f\u00fcr relative Luftfeuchtigkeit (Abschw\u00e4chung des W\u00e4rmeinseleffekts in St\u00e4dten); sie puffern die Auswirkungen von sintflutartigen Regenf\u00e4llen ab, halten Staub zur\u00fcck und f\u00f6rdern die Artenvielfalt in st\u00e4dtischen Zentren.<\/p>\n\n\n\n<p>Die Zersiedelung der Landschaft schadet der biologischen Vielfalt, verursacht das Aussterben von Arten und beeintr\u00e4chtigt die Biosph\u00e4re. Die Landschaftsgestaltung tr\u00e4gt zur Bereicherung und Erhaltung einer Vielzahl von Insekten, V\u00f6geln und anderen Lebewesen in st\u00e4dtischen Gebieten bei und bewahrt so die Artenvielfalt.<\/p>\n<\/div>\n\n\n\n<div class=\"wp-block-uagb-container uagb-block-972515dd\">\n<figure class=\"wp-block-image aligncenter size-full\"><img loading=\"lazy\" decoding=\"async\" width=\"374\" height=\"373\" src=\"https:\/\/www.terapiaurbana.com\/wp-content\/uploads\/2024\/12\/beneficios-de-jardin-vertical.jpg\" alt=\"\" class=\"wp-image-61228\" srcset=\"https:\/\/www.terapiaurbana.com\/wp-content\/uploads\/2024\/12\/beneficios-de-jardin-vertical.jpg 374w, https:\/\/www.terapiaurbana.com\/wp-content\/uploads\/2024\/12\/beneficios-de-jardin-vertical-300x300.jpg 300w, https:\/\/www.terapiaurbana.com\/wp-content\/uploads\/2024\/12\/beneficios-de-jardin-vertical-150x150.jpg 150w\" sizes=\"auto, (max-width: 374px) 100vw, 374px\" \/><\/figure>\n<\/div>\n<\/div><\/div>\n\n<div class=\"wp-block-uagb-container uagb-block-e012c49b alignfull uagb-is-root-container\"><div class=\"uagb-container-inner-blocks-wrap\"><\/div><\/div>\n\n<div class=\"wp-block-uagb-container uagb-block-5e7e646b alignfull uagb-is-root-container\"><div class=\"uagb-container-inner-blocks-wrap\">\n<div class=\"wp-block-uagb-container uagb-block-544eaa59\">\n<div class=\"wp-block-uagb-advanced-heading uagb-block-58321454\"><h2 class=\"uagb-heading-text\">2. VORTEILE F\u00dcR GEB\u00c4UDE<\/h2><\/div>\n\n\n\n<p>Pflanzen liefern Sauerstoff, Feuchtigkeit und Biofilter f\u00fcr fl\u00fcchtige organische Schadstoffe (VOCs) wie Benzol und Formaldehyd und verbessern so die Raumluftqualit\u00e4t. Im Au\u00dfenbereich verbessern sie die akustische und thermische Isolierung von Fassaden, senken den Energieverbrauch und verl\u00e4ngern die Lebensdauer der Abdichtungen, neben vielen anderen Vorteilen.<\/p>\n<\/div>\n\n\n\n<div class=\"wp-block-uagb-container uagb-block-1a0ab986\">\n<figure class=\"wp-block-image size-full\"><img loading=\"lazy\" decoding=\"async\" width=\"750\" height=\"543\" src=\"https:\/\/www.terapiaurbana.com\/wp-content\/uploads\/2024\/12\/esquema-beneficios-jardin-vertical.jpg\" alt=\"\" class=\"wp-image-61230\" srcset=\"https:\/\/www.terapiaurbana.com\/wp-content\/uploads\/2024\/12\/esquema-beneficios-jardin-vertical.jpg 750w, https:\/\/www.terapiaurbana.com\/wp-content\/uploads\/2024\/12\/esquema-beneficios-jardin-vertical-300x217.jpg 300w, https:\/\/www.terapiaurbana.com\/wp-content\/uploads\/2024\/12\/esquema-beneficios-jardin-vertical-500x362.jpg 500w\" sizes=\"auto, (max-width: 750px) 100vw, 750px\" \/><\/figure>\n<\/div>\n<\/div><\/div>\n\n<div class=\"wp-block-uagb-container uagb-block-6f7f79bb alignfull uagb-is-root-container\"><div class=\"uagb-container-inner-blocks-wrap\">\n<div class=\"wp-block-uagb-container uagb-block-fce46b5a\">\n<div class=\"wp-block-uagb-advanced-heading uagb-block-b18c0e57\"><h2 class=\"uagb-heading-text\">3. VORTEILE F\u00dcR EINZELPERSONEN<\/h2><\/div>\n\n\n\n<p>Pflanzen verbessern das Wohlbefinden, den Komfort, die Konzentration und die Produktivit\u00e4t im Arbeitsumfeld. Au\u00dferdem erm\u00f6glichen sie es uns, uns mit lebenden Elementen zu verbinden, was unser biophiles Bed\u00fcrfnis st\u00e4rkt, uns inspiriert und uns gl\u00fccklicher macht. Studien best\u00e4tigen, dass die Vegetation in Krankenh\u00e4usern dazu beitr\u00e4gt, die Aufenthaltsdauer der Patienten zu verk\u00fcrzen.<\/p>\n<\/div>\n\n\n\n<div class=\"wp-block-uagb-container uagb-block-7bc6a6c0\">\n<figure class=\"wp-block-image size-full\"><img loading=\"lazy\" decoding=\"async\" width=\"750\" height=\"396\" src=\"https:\/\/www.terapiaurbana.com\/wp-content\/uploads\/2024\/12\/lista-beneficios-jardin-vertical.jpg\" alt=\"\" class=\"wp-image-61231\" srcset=\"https:\/\/www.terapiaurbana.com\/wp-content\/uploads\/2024\/12\/lista-beneficios-jardin-vertical.jpg 750w, https:\/\/www.terapiaurbana.com\/wp-content\/uploads\/2024\/12\/lista-beneficios-jardin-vertical-300x158.jpg 300w, https:\/\/www.terapiaurbana.com\/wp-content\/uploads\/2024\/12\/lista-beneficios-jardin-vertical-500x264.jpg 500w\" sizes=\"auto, (max-width: 750px) 100vw, 750px\" \/><\/figure>\n<\/div>\n<\/div><\/div>\n\n<div class=\"wp-block-uagb-container uagb-block-e4c4b50c alignfull uagb-is-root-container\"><div class=\"uagb-container-inner-blocks-wrap\">\n<div class=\"wp-block-uagb-container uagb-block-0bdde3aa\">\n<div class=\"wp-block-uagb-advanced-heading uagb-block-d127fe60\"><h2 class=\"uagb-heading-text\">4. VORTEILE F\u00dcR UNTERNEHMEN\/INSTITUTIONEN<\/h2><\/div>\n\n\n\n<p>Begr\u00fcnte Fassaden sind Systeme, die es den Unternehmen, die sie einsetzen, erm\u00f6glichen, auf visuelle und eindringliche Weise ihre Sorge und Aufmerksamkeit f\u00fcr die Schaffung einer freundlicheren, nachhaltigeren und ges\u00fcnderen Umgebung f\u00fcr ihre Kunden zum Ausdruck zu bringen. Das wirkt sich positiv auf den Wiedererkennungswert Ihres Markenimages aus. Dies wirkt sich positiv auf die soziale Verantwortung der Unternehmen (CSR) aus.<\/p>\n<\/div>\n<\/div><\/div>\n\n<div class=\"wp-block-uagb-container uagb-block-7cb4ec44 alignfull uagb-is-root-container\"><div class=\"uagb-container-inner-blocks-wrap\"><\/div><\/div>\n\n<p><\/p>\n","protected":false},"excerpt":{"rendered":"<p>VORTEILE DER VERTIKALEN G\u00c4RTEN VORTEILE DER LANDSCHAFTSGESTALTUNG VON GEB\u00c4UDEN Begr\u00fcnte Fassaden und begr\u00fcnte D\u00e4cher bringen gro\u00dfe Vorteile f\u00fcr die Umwelt, [&hellip;]<\/p>\n","protected":false},"author":1,"featured_media":0,"parent":0,"menu_order":0,"comment_status":"closed","ping_status":"closed","template":"","meta":{"_uag_custom_page_level_css":"","site-sidebar-layout":"default","site-content-layout":"","ast-site-content-layout":"full-width-container","site-content-style":"default","site-sidebar-style":"default","ast-global-header-display":"","ast-banner-title-visibility":"","ast-main-header-display":"","ast-hfb-above-header-display":"","ast-hfb-below-header-display":"","ast-hfb-mobile-header-display":"","site-post-title":"disabled","ast-breadcrumbs-content":"","ast-featured-img":"","footer-sml-layout":"","theme-transparent-header-meta":"","adv-header-id-meta":"","stick-header-meta":"","header-above-stick-meta":"","header-main-stick-meta":"","header-below-stick-meta":"","astra-migrate-meta-layouts":"default","ast-page-background-enabled":"default","ast-page-background-meta":{"desktop":{"background-color":"var(--ast-global-color-4)","background-image":"","background-repeat":"repeat","background-position":"center center","background-size":"auto","background-attachment":"scroll","background-type":"","background-media":"","overlay-type":"","overlay-color":"","overlay-opacity":"","overlay-gradient":""},"tablet":{"background-color":"","background-image":"","background-repeat":"repeat","background-position":"center center","background-size":"auto","background-attachment":"scroll","background-type":"","background-media":"","overlay-type":"","overlay-color":"","overlay-opacity":"","overlay-gradient":""},"mobile":{"background-color":"","background-image":"","background-repeat":"repeat","background-position":"center center","background-size":"auto","background-attachment":"scroll","background-type":"","background-media":"","overlay-type":"","overlay-color":"","overlay-opacity":"","overlay-gradient":""}},"ast-content-background-meta":{"desktop":{"background-color":"var(--ast-global-color-5)","background-image":"","background-repeat":"repeat","background-position":"center center","background-size":"auto","background-attachment":"scroll","background-type":"","background-media":"","overlay-type":"","overlay-color":"","overlay-opacity":"","overlay-gradient":""},"tablet":{"background-color":"var(--ast-global-color-5)","background-image":"","background-repeat":"repeat","background-position":"center center","background-size":"auto","background-attachment":"scroll","background-type":"","background-media":"","overlay-type":"","overlay-color":"","overlay-opacity":"","overlay-gradient":""},"mobile":{"background-color":"var(--ast-global-color-5)","background-image":"","background-repeat":"repeat","background-position":"center center","background-size":"auto","background-attachment":"scroll","background-type":"","background-media":"","overlay-type":"","overlay-color":"","overlay-opacity":"","overlay-gradient":""}},"footnotes":""},"class_list":["post-63163","page","type-page","status-publish","hentry"],"yoast_head":"<!-- This site is optimized with the Yoast SEO plugin v26.3 - https:\/\/yoast.com\/wordpress\/plugins\/seo\/ -->\n<title>Vorteile eines vertikalen Gartens: Versch\u00f6nern Sie Ihren Raum mit der Natur<\/title>\n<meta name=\"description\" content=\"Erfahren Sie mehr \u00fcber die Vorteile eines vertikalen Gartens: Luftreinigung, Schalld\u00e4mmung, nachhaltiges Design und Verbindung mit der Natur.\" \/>\n<meta name=\"robots\" content=\"index, follow, max-snippet:-1, max-image-preview:large, max-video-preview:-1\" \/>\n<link rel=\"canonical\" href=\"https:\/\/www.terapiaurbana.com\/de\/vorteile\/\" \/>\n<meta property=\"og:locale\" content=\"de_DE\" \/>\n<meta property=\"og:type\" content=\"article\" \/>\n<meta property=\"og:title\" content=\"Vorteile eines vertikalen Gartens: Versch\u00f6nern Sie Ihren Raum mit der Natur\" \/>\n<meta property=\"og:description\" content=\"Erfahren Sie mehr \u00fcber die Vorteile eines vertikalen Gartens: Luftreinigung, Schalld\u00e4mmung, nachhaltiges Design und Verbindung mit der Natur.\" \/>\n<meta property=\"og:url\" content=\"https:\/\/www.terapiaurbana.com\/de\/vorteile\/\" \/>\n<meta property=\"article:publisher\" content=\"https:\/\/www.facebook.com\/terapiaurbana\/\" \/>\n<meta property=\"article:modified_time\" content=\"2025-02-06T17:58:49+00:00\" \/>\n<meta property=\"og:image\" content=\"https:\/\/www.terapiaurbana.com\/wp-content\/uploads\/2024\/12\/proceso-de-naturacion.jpg\" \/>\n<meta name=\"twitter:card\" content=\"summary_large_image\" \/>\n<meta name=\"twitter:site\" content=\"@terapia_urbana\" \/>\n<meta name=\"twitter:label1\" content=\"Gesch\u00e4tzte Lesezeit\" \/>\n\t<meta name=\"twitter:data1\" content=\"2\u00a0Minuten\" \/>\n<script type=\"application\/ld+json\" class=\"yoast-schema-graph\">{\"@context\":\"https:\/\/schema.org\",\"@graph\":[{\"@type\":\"WebPage\",\"@id\":\"https:\/\/www.terapiaurbana.com\/de\/vorteile\/\",\"url\":\"https:\/\/www.terapiaurbana.com\/de\/vorteile\/\",\"name\":\"Vorteile eines vertikalen Gartens: Versch\u00f6nern Sie Ihren Raum mit der Natur\",\"isPartOf\":{\"@id\":\"https:\/\/www.terapiaurbana.com\/de\/#website\"},\"primaryImageOfPage\":{\"@id\":\"https:\/\/www.terapiaurbana.com\/de\/vorteile\/#primaryimage\"},\"image\":{\"@id\":\"https:\/\/www.terapiaurbana.com\/de\/vorteile\/#primaryimage\"},\"thumbnailUrl\":\"https:\/\/www.terapiaurbana.com\/wp-content\/uploads\/2024\/12\/proceso-de-naturacion.jpg\",\"datePublished\":\"2024-12-04T14:30:41+00:00\",\"dateModified\":\"2025-02-06T17:58:49+00:00\",\"description\":\"Erfahren Sie mehr \u00fcber die Vorteile eines vertikalen Gartens: Luftreinigung, Schalld\u00e4mmung, nachhaltiges Design und Verbindung mit der Natur.\",\"breadcrumb\":{\"@id\":\"https:\/\/www.terapiaurbana.com\/de\/vorteile\/#breadcrumb\"},\"inLanguage\":\"de\",\"potentialAction\":[{\"@type\":\"ReadAction\",\"target\":[\"https:\/\/www.terapiaurbana.com\/de\/vorteile\/\"]}]},{\"@type\":\"ImageObject\",\"inLanguage\":\"de\",\"@id\":\"https:\/\/www.terapiaurbana.com\/de\/vorteile\/#primaryimage\",\"url\":\"https:\/\/www.terapiaurbana.com\/wp-content\/uploads\/2024\/12\/proceso-de-naturacion.jpg\",\"contentUrl\":\"https:\/\/www.terapiaurbana.com\/wp-content\/uploads\/2024\/12\/proceso-de-naturacion.jpg\"},{\"@type\":\"BreadcrumbList\",\"@id\":\"https:\/\/www.terapiaurbana.com\/de\/vorteile\/#breadcrumb\",\"itemListElement\":[{\"@type\":\"ListItem\",\"position\":1,\"name\":\"Portada\",\"item\":\"https:\/\/www.terapiaurbana.com\/de\/\"},{\"@type\":\"ListItem\",\"position\":2,\"name\":\"Vorteile\"}]},{\"@type\":\"WebSite\",\"@id\":\"https:\/\/www.terapiaurbana.com\/de\/#website\",\"url\":\"https:\/\/www.terapiaurbana.com\/de\/\",\"name\":\"Terapia Urbana | Especialistas en jardines verticales\",\"description\":\"Especialistas en dise\u00f1o de jardines verticales exteriores e interiores naturales con tecnolog\u00eda Fytotextile y iluminaci\u00f3n auxiliar para una sostenible y funcional\",\"alternateName\":\"Terapia Urbana\",\"potentialAction\":[{\"@type\":\"SearchAction\",\"target\":{\"@type\":\"EntryPoint\",\"urlTemplate\":\"https:\/\/www.terapiaurbana.com\/de\/?s={search_term_string}\"},\"query-input\":{\"@type\":\"PropertyValueSpecification\",\"valueRequired\":true,\"valueName\":\"search_term_string\"}}],\"inLanguage\":\"de\"}]}<\/script>\n<!-- \/ Yoast SEO plugin. -->","yoast_head_json":{"title":"Vorteile eines vertikalen Gartens: Versch\u00f6nern Sie Ihren Raum mit der Natur","description":"Erfahren Sie mehr \u00fcber die Vorteile eines vertikalen Gartens: Luftreinigung, Schalld\u00e4mmung, nachhaltiges Design und Verbindung mit der Natur.","robots":{"index":"index","follow":"follow","max-snippet":"max-snippet:-1","max-image-preview":"max-image-preview:large","max-video-preview":"max-video-preview:-1"},"canonical":"https:\/\/www.terapiaurbana.com\/de\/vorteile\/","og_locale":"de_DE","og_type":"article","og_title":"Vorteile eines vertikalen Gartens: Versch\u00f6nern Sie Ihren Raum mit der Natur","og_description":"Erfahren Sie mehr \u00fcber die Vorteile eines vertikalen Gartens: Luftreinigung, Schalld\u00e4mmung, nachhaltiges Design und Verbindung mit der Natur.","og_url":"https:\/\/www.terapiaurbana.com\/de\/vorteile\/","article_publisher":"https:\/\/www.facebook.com\/terapiaurbana\/","article_modified_time":"2025-02-06T17:58:49+00:00","og_image":[{"url":"https:\/\/www.terapiaurbana.com\/wp-content\/uploads\/2024\/12\/proceso-de-naturacion.jpg","type":"","width":"","height":""}],"twitter_card":"summary_large_image","twitter_site":"@terapia_urbana","twitter_misc":{"Gesch\u00e4tzte Lesezeit":"2\u00a0Minuten"},"schema":{"@context":"https:\/\/schema.org","@graph":[{"@type":"WebPage","@id":"https:\/\/www.terapiaurbana.com\/de\/vorteile\/","url":"https:\/\/www.terapiaurbana.com\/de\/vorteile\/","name":"Vorteile eines vertikalen Gartens: Versch\u00f6nern Sie Ihren Raum mit der Natur","isPartOf":{"@id":"https:\/\/www.terapiaurbana.com\/de\/#website"},"primaryImageOfPage":{"@id":"https:\/\/www.terapiaurbana.com\/de\/vorteile\/#primaryimage"},"image":{"@id":"https:\/\/www.terapiaurbana.com\/de\/vorteile\/#primaryimage"},"thumbnailUrl":"https:\/\/www.terapiaurbana.com\/wp-content\/uploads\/2024\/12\/proceso-de-naturacion.jpg","datePublished":"2024-12-04T14:30:41+00:00","dateModified":"2025-02-06T17:58:49+00:00","description":"Erfahren Sie mehr \u00fcber die Vorteile eines vertikalen Gartens: Luftreinigung, Schalld\u00e4mmung, nachhaltiges Design und Verbindung mit der Natur.","breadcrumb":{"@id":"https:\/\/www.terapiaurbana.com\/de\/vorteile\/#breadcrumb"},"inLanguage":"de","potentialAction":[{"@type":"ReadAction","target":["https:\/\/www.terapiaurbana.com\/de\/vorteile\/"]}]},{"@type":"ImageObject","inLanguage":"de","@id":"https:\/\/www.terapiaurbana.com\/de\/vorteile\/#primaryimage","url":"https:\/\/www.terapiaurbana.com\/wp-content\/uploads\/2024\/12\/proceso-de-naturacion.jpg","contentUrl":"https:\/\/www.terapiaurbana.com\/wp-content\/uploads\/2024\/12\/proceso-de-naturacion.jpg"},{"@type":"BreadcrumbList","@id":"https:\/\/www.terapiaurbana.com\/de\/vorteile\/#breadcrumb","itemListElement":[{"@type":"ListItem","position":1,"name":"Portada","item":"https:\/\/www.terapiaurbana.com\/de\/"},{"@type":"ListItem","position":2,"name":"Vorteile"}]},{"@type":"WebSite","@id":"https:\/\/www.terapiaurbana.com\/de\/#website","url":"https:\/\/www.terapiaurbana.com\/de\/","name":"Terapia Urbana | Especialistas en jardines verticales","description":"Especialistas en dise\u00f1o de jardines verticales exteriores e interiores naturales con tecnolog\u00eda Fytotextile y iluminaci\u00f3n auxiliar para una sostenible y funcional","alternateName":"Terapia Urbana","potentialAction":[{"@type":"SearchAction","target":{"@type":"EntryPoint","urlTemplate":"https:\/\/www.terapiaurbana.com\/de\/?s={search_term_string}"},"query-input":{"@type":"PropertyValueSpecification","valueRequired":true,"valueName":"search_term_string"}}],"inLanguage":"de"}]}},"uagb_featured_image_src":{"full":false,"thumbnail":false,"medium":false,"medium_large":false,"large":false,"1536x1536":false,"2048x2048":false,"gform-image-choice-sm":false,"gform-image-choice-md":false,"gform-image-choice-lg":false},"uagb_author_info":{"display_name":"terapiaurbana","author_link":"https:\/\/www.terapiaurbana.com\/de\/author\/terapiaurbana\/"},"uagb_comment_info":0,"uagb_excerpt":"VORTEILE DER VERTIKALEN G\u00c4RTEN VORTEILE DER LANDSCHAFTSGESTALTUNG VON GEB\u00c4UDEN Begr\u00fcnte Fassaden und begr\u00fcnte D\u00e4cher bringen gro\u00dfe Vorteile f\u00fcr die Umwelt, [&hellip;]","_links":{"self":[{"href":"https:\/\/www.terapiaurbana.com\/de\/wp-json\/wp\/v2\/pages\/63163","targetHints":{"allow":["GET"]}}],"collection":[{"href":"https:\/\/www.terapiaurbana.com\/de\/wp-json\/wp\/v2\/pages"}],"about":[{"href":"https:\/\/www.terapiaurbana.com\/de\/wp-json\/wp\/v2\/types\/page"}],"author":[{"embeddable":true,"href":"https:\/\/www.terapiaurbana.com\/de\/wp-json\/wp\/v2\/users\/1"}],"replies":[{"embeddable":true,"href":"https:\/\/www.terapiaurbana.com\/de\/wp-json\/wp\/v2\/comments?post=63163"}],"version-history":[{"count":1,"href":"https:\/\/www.terapiaurbana.com\/de\/wp-json\/wp\/v2\/pages\/63163\/revisions"}],"predecessor-version":[{"id":63171,"href":"https:\/\/www.terapiaurbana.com\/de\/wp-json\/wp\/v2\/pages\/63163\/revisions\/63171"}],"wp:attachment":[{"href":"https:\/\/www.terapiaurbana.com\/de\/wp-json\/wp\/v2\/media?parent=63163"}],"curies":[{"name":"wp","href":"https:\/\/api.w.org\/{rel}","templated":true}]}}