{"id":63596,"date":"2024-11-19T10:43:46","date_gmt":"2024-11-19T09:43:46","guid":{"rendered":"https:\/\/www.terapiaurbana.com\/verticale-binnentuin\/"},"modified":"2025-11-06T13:04:52","modified_gmt":"2025-11-06T12:04:52","slug":"verticale-binnentuin","status":"publish","type":"page","link":"https:\/\/www.terapiaurbana.com\/nl\/verticale-binnentuin\/","title":{"rendered":"Verticale binnentuin"},"content":{"rendered":"\n<div class=\"wp-block-uagb-container uagb-block-c2290b58 alignfull uagb-is-root-container\"><div class=\"uagb-container-inner-blocks-wrap\">\n<div class=\"wp-block-uagb-advanced-heading uagb-block-82a09106\"><h1 class=\"uagb-heading-text\">Verticale binnentuin<\/h1><\/div>\n<\/div><\/div>\n\n\n\n<div class=\"wp-block-uagb-container uagb-block-9fceb910 alignfull uagb-is-root-container\"><div class=\"uagb-container-inner-blocks-wrap\"><\/div><\/div>\n\n\n\n<div class=\"wp-block-uagb-container uagb-block-8d500252 alignfull uagb-is-root-container\"><div class=\"uagb-container-inner-blocks-wrap\">\n<p><strong>Verticale binnentuinen<\/strong> zijn een perfecte expressie van <strong>biofilie<\/strong>, onze aangeboren verbinding met de natuur. Deze groene ruimtes helpen stress te verminderen, stemming te verbeteren en creativiteit aan te moedigen door natuurlijke elementen in binnenruimtes te integreren. Naast hun decoratieve impact, bevordert een <strong>verticale binnentuin<\/strong> een gezondere omgeving door <strong>de lucht te zuiveren<\/strong> en <strong>de luchtvochtigheid te reguleren<\/strong>. Het integreren van natuur in binnenruimtes is niet alleen een trend, het is een <strong>noodzaak om het welzijn en de productiviteit<\/strong> in huizen, kantoren en openbare ruimtes <strong>te verbeteren<\/strong>.  <\/p>\n\n\n\n<figure class=\"wp-block-image size-full is-resized\"><img loading=\"lazy\" decoding=\"async\" width=\"1200\" height=\"648\" src=\"https:\/\/www.terapiaurbana.com\/wp-content\/uploads\/2025\/11\/NEER-Jardin-Vertical-100-1.jpg\" alt=\"\" class=\"wp-image-66034\" style=\"width:1200px;height:auto\" srcset=\"https:\/\/www.terapiaurbana.com\/wp-content\/uploads\/2025\/11\/NEER-Jardin-Vertical-100-1.jpg 1200w, https:\/\/www.terapiaurbana.com\/wp-content\/uploads\/2025\/11\/NEER-Jardin-Vertical-100-1-300x162.jpg 300w, https:\/\/www.terapiaurbana.com\/wp-content\/uploads\/2025\/11\/NEER-Jardin-Vertical-100-1-1024x553.jpg 1024w, https:\/\/www.terapiaurbana.com\/wp-content\/uploads\/2025\/11\/NEER-Jardin-Vertical-100-1-768x415.jpg 768w\" sizes=\"auto, (max-width: 1200px) 100vw, 1200px\" \/><\/figure>\n\n\n\n<div class=\"wp-block-uagb-advanced-heading uagb-block-48be3cb1\"><h2 class=\"uagb-heading-text\">Verticale binnentuin met Fytotextiel<\/h2><\/div>\n\n\n\n<p>Bij <strong>Terapia Urbana<\/strong> gebruiken we de technologie <strong><a href=\"https:\/\/www.terapiaurbana.com\/nl\/jardin-vertical-fytotextile\/\">Fytotextiel\u00ae-technologie<\/a><\/strong>technologie, een gepatenteerd systeem waarmee we <strong>op een gecontroleerde manier en met professionele resultaten de natuur binnenshuis kunnen integreren<\/strong>.<\/p>\n\n\n\n<p>Onze <strong>technische afdeling<\/strong> bestudeert het landschapsontwerp van elk project, afhankelijk van de beschikbare natuurlijke verlichting, en evalueert de noodzaak om <a href=\"https:\/\/www.terapiaurbana.com\/nl\/groeilicht-voor-verticale-tuinen\/\"><strong>aanvullende verlichting<\/strong> voor verticale tuinen<\/a> te integreren om een gezonde ontwikkeling van de vegetatie te garanderen.<\/p>\n\n\n\n<div class=\"wp-block-uagb-advanced-heading uagb-block-5b76e5d8\"><h2 class=\"uagb-heading-text\"><strong>Voordelen van verticale binnentuinen<\/strong><\/h2><\/div>\n\n\n\n<p>De installatie van een <strong>verticale binnentuin<\/strong> biedt tal van voordelen:<\/p>\n\n\n\n<ul class=\"wp-block-list\">\n<li><strong>Luchtzuivering<\/strong>: Filtert vervuilende stoffen zoals CO\u2082 en vluchtige organische stoffen (VOC&#8217;s), waardoor de luchtkwaliteit binnenshuis verbetert.<\/li>\n\n\n\n<li><strong>Vochtregulering<\/strong>: Door het proces van evapotranspiratie dat door de vegetatie wordt geleverd, wordt de omgevingsvochtigheid in balans gebracht, waardoor een te droge omgeving wordt vermeden.<\/li>\n\n\n\n<li><strong>Welzijn en productiviteit<\/strong>: de aanwezigheid ervan in kantoren en werkruimtes verbetert de stemming en vermindert stress, wat resulteert in een hogere productiviteit.<\/li>\n\n\n\n<li><strong>Duurzaamheidscertificeringen<\/strong>: Bijdragen aan het verbeteren van de score van ecologische duurzaamheidsnormen zoals <strong>LEED en BREEAM<\/strong>, waardoor de milieueffici\u00ebntie van het gebouw wordt verbeterd.<\/li>\n\n\n\n<li><strong>Geluidsreductie<\/strong>: Ze verminderen geluidsoverlast in afgesloten ruimtes, wat een comfortabelere omgeving bevordert.<\/li>\n<\/ul>\n\n\n\n<p>Verticale binnentuinen zorgen niet alleen voor een landschappelijke verbetering van een ruimte, maar ook voor functionele voordelen die de levenskwaliteit van mensen verbeteren.<\/p>\n<\/div><\/div>\n\n\n\n<div class=\"wp-block-uagb-container uagb-block-1b96b103 alignfull uagb-is-root-container\"><div class=\"uagb-container-inner-blocks-wrap\">\n<div class=\"wp-block-uagb-container uagb-block-2d916362\">\n<div class=\"wp-block-uagb-info-box uagb-block-c34f3bfe uagb-infobox__content-wrap  uagb-infobox-icon-above-title uagb-infobox-image-valign-top wp-block-uagb-info-box--has-margin\"><div class=\"uagb-infobox-margin-wrapper\"><div class=\"uagb-ifb-content\"><div class=\"uagb-ifb-image-content\"><img decoding=\"async\" src=\"https:\/\/www.terapiaurbana.com\/wp-content\/uploads\/2024\/11\/consultoria-de-paisajismo.jpg\" alt=\"\" width=\"\" height=\"0\" loading=\"lazy\"\/><\/div><div class=\"uagb-ifb-title-wrap\"><h3 class=\"uagb-ifb-title\">LANDSCHAPSADVIES<\/h3><\/div><p class=\"uagb-ifb-desc\">Wij adviseren u om het volledige technische project van uw aangelegde gevel tot een goed einde te brengen.<\/p><div class=\"uagb-ifb-button-wrapper wp-block-button\"><a href=\"https:\/\/www.terapiaurbana.com\/nl\/landschapsadvies\/\" target=\"_self\" onclick=\"return true;\" class=\"uagb-infobox-cta-link\" rel=\"noopener noreferrer\"><span class=\"uagb-inline-editing\">Lees meer<\/span><svg xmlns=\"https:\/\/www.w3.org\/2000\/svg\" viewBox=\"0 0 448 512\"><path d=\"M432 256c0 17.69-14.33 32.01-32 32.01H256v144c0 17.69-14.33 31.99-32 31.99s-32-14.3-32-31.99v-144H48c-17.67 0-32-14.32-32-32.01s14.33-31.99 32-31.99H192v-144c0-17.69 14.33-32.01 32-32.01s32 14.32 32 32.01v144h144C417.7 224 432 238.3 432 256z\"><\/path><\/svg><\/a><\/div><\/div><\/div><\/div>\n<\/div>\n\n\n\n<div class=\"wp-block-uagb-container uagb-block-cf3adfc2\">\n<div class=\"wp-block-uagb-info-box uagb-block-993e2473 uagb-infobox__content-wrap  uagb-infobox-icon-above-title uagb-infobox-image-valign-top wp-block-uagb-info-box--has-margin\"><div class=\"uagb-infobox-margin-wrapper\"><div class=\"uagb-ifb-content\"><div class=\"uagb-ifb-image-content\"><img decoding=\"async\" src=\"https:\/\/www.terapiaurbana.com\/wp-content\/uploads\/2024\/11\/diseno-iluminacion-auxiliar.jpeg\" alt=\"\" width=\"\" height=\"0\" loading=\"lazy\"\/><\/div><div class=\"uagb-ifb-title-wrap\"><h3 class=\"uagb-ifb-title\">ONTWERP VAN EXTRA VERLICHTING<\/h3><\/div><p class=\"uagb-ifb-desc\">We ontwerpen en verkopen speciale hulpverlichtingsoplossingen voor planten.<\/p><div class=\"uagb-ifb-button-wrapper wp-block-button\"><a href=\"https:\/\/www.terapiaurbana.com\/nl\/groeilicht-voor-verticale-tuinen\/\" target=\"_self\" onclick=\"return true;\" class=\"uagb-infobox-cta-link\" rel=\"noopener noreferrer\"><span class=\"uagb-inline-editing\">Lees meer<\/span><svg xmlns=\"https:\/\/www.w3.org\/2000\/svg\" viewBox=\"0 0 448 512\"><path d=\"M432 256c0 17.69-14.33 32.01-32 32.01H256v144c0 17.69-14.33 31.99-32 31.99s-32-14.3-32-31.99v-144H48c-17.67 0-32-14.32-32-32.01s14.33-31.99 32-31.99H192v-144c0-17.69 14.33-32.01 32-32.01s32 14.32 32 32.01v144h144C417.7 224 432 238.3 432 256z\"><\/path><\/svg><\/a><\/div><\/div><\/div><\/div>\n<\/div>\n<\/div><\/div>\n\n\n\n<div class=\"wp-block-uagb-container uagb-block-73b61468 alignfull uagb-is-root-container\"><div class=\"uagb-container-inner-blocks-wrap\">\n<div class=\"wp-block-uagb-container uagb-block-76a8d893\">\n<div class=\"wp-block-uagb-info-box uagb-block-67c6d2c1 uagb-infobox__content-wrap  uagb-infobox-icon-above-title uagb-infobox-image-valign-top wp-block-uagb-info-box--has-margin\"><div class=\"uagb-infobox-margin-wrapper\"><div class=\"uagb-ifb-content\"><div class=\"uagb-ifb-image-content\"><img decoding=\"async\" src=\"https:\/\/www.terapiaurbana.com\/wp-content\/uploads\/2024\/11\/biofilia.jpg\" alt=\"\" width=\"\" height=\"0\" loading=\"lazy\"\/><\/div><div class=\"uagb-ifb-title-wrap\"><h3 class=\"uagb-ifb-title\">BIOPHILIE<\/h3><\/div><p class=\"uagb-ifb-desc\">Stedelijke natuursystemen voorzien in onze aangeboren behoefte aan verbinding met de natuur.<\/p><div class=\"uagb-ifb-button-wrapper wp-block-button\"><a href=\"https:\/\/www.terapiaurbana.com\/nl\/biofilie\/\" target=\"_self\" onclick=\"return true;\" class=\"uagb-infobox-cta-link\" rel=\"noopener noreferrer\"><span class=\"uagb-inline-editing\">Lees meer<\/span><svg xmlns=\"https:\/\/www.w3.org\/2000\/svg\" viewBox=\"0 0 448 512\"><path d=\"M432 256c0 17.69-14.33 32.01-32 32.01H256v144c0 17.69-14.33 31.99-32 31.99s-32-14.3-32-31.99v-144H48c-17.67 0-32-14.32-32-32.01s14.33-31.99 32-31.99H192v-144c0-17.69 14.33-32.01 32-32.01s32 14.32 32 32.01v144h144C417.7 224 432 238.3 432 256z\"><\/path><\/svg><\/a><\/div><\/div><\/div><\/div>\n<\/div>\n\n\n\n<div class=\"wp-block-uagb-container uagb-block-e21eb8e2\">\n<div class=\"wp-block-uagb-info-box uagb-block-aa995364 uagb-infobox__content-wrap  uagb-infobox-icon-above-title uagb-infobox-image-valign-top wp-block-uagb-info-box--has-margin\"><div class=\"uagb-infobox-margin-wrapper\"><div class=\"uagb-ifb-content\"><div class=\"uagb-ifb-image-content\"><img decoding=\"async\" src=\"https:\/\/www.terapiaurbana.com\/wp-content\/uploads\/2024\/11\/beneficios-jardin-vertical.jpg\" alt=\"\" width=\"\" height=\"0\" loading=\"lazy\"\/><\/div><div class=\"uagb-ifb-title-wrap\"><h3 class=\"uagb-ifb-title\">VOORDELEN VAN VERTICALE TUINEN<\/h3><\/div><p class=\"uagb-ifb-desc\">Stedelijke natuursystemen voorzien in onze aangeboren behoefte aan verbinding met de natuur.<\/p><div class=\"uagb-ifb-button-wrapper wp-block-button\"><a href=\"https:\/\/www.terapiaurbana.com\/nl\/voordelen\/\" target=\"_self\" onclick=\"return true;\" class=\"uagb-infobox-cta-link\" rel=\"noopener noreferrer\"><span class=\"uagb-inline-editing\">Lees meer<\/span><svg xmlns=\"https:\/\/www.w3.org\/2000\/svg\" viewBox=\"0 0 448 512\"><path d=\"M432 256c0 17.69-14.33 32.01-32 32.01H256v144c0 17.69-14.33 31.99-32 31.99s-32-14.3-32-31.99v-144H48c-17.67 0-32-14.32-32-32.01s14.33-31.99 32-31.99H192v-144c0-17.69 14.33-32.01 32-32.01s32 14.32 32 32.01v144h144C417.7 224 432 238.3 432 256z\"><\/path><\/svg><\/a><\/div><\/div><\/div><\/div>\n<\/div>\n<\/div><\/div>\n\n\n\n<div class=\"wp-block-uagb-container uagb-block-226d6fdd alignfull uagb-is-root-container\"><div class=\"uagb-container-inner-blocks-wrap\">\n<div class=\"wp-block-uagb-advanced-heading uagb-block-fb8f744f\"><h2 class=\"uagb-heading-text\">Indoor verticale tuin projecten<\/h2><\/div>\n\n\n\n\t\t\t<div class=\"wp-block-uagb-post-grid uagb-post-grid  uagb-post__image-position-top uagb-post__image-enabled uagb-block-f9de5323     uagb-post__items uagb-post__columns-3 is-grid uagb-post__columns-tablet-2 uagb-post__columns-mobile-1 uagb-post__equal-height\" data-total=\"6\" style=\"\">\n\n\t\t\t\t\t\t\t\t\t\t\t\t<article class=\"uagb-post__inner-wrap\">\t\t\t\t\t\t\t\t<div class='uagb-post__image'>\n\t\t\t\t\t\t\t\t\t<a href=\"https:\/\/www.terapiaurbana.com\/nl\/projecten\/salesforce-dublin-gastvrijheid\/\" target=\"_self\" rel=\"bookmark noopener noreferrer\" class='uagb-image-ratio-inherit'><img loading=\"lazy\" decoding=\"async\" width=\"1024\" height=\"683\" src=\"https:\/\/www.terapiaurbana.com\/wp-content\/uploads\/2024\/12\/Salesforce-dublin-06-1024x683.jpg\" class=\"attachment-large size-large\" alt=\"\" srcset=\"https:\/\/www.terapiaurbana.com\/wp-content\/uploads\/2024\/12\/Salesforce-dublin-06-1024x683.jpg 1024w, https:\/\/www.terapiaurbana.com\/wp-content\/uploads\/2024\/12\/Salesforce-dublin-06-300x200.jpg 300w, https:\/\/www.terapiaurbana.com\/wp-content\/uploads\/2024\/12\/Salesforce-dublin-06-768x512.jpg 768w, https:\/\/www.terapiaurbana.com\/wp-content\/uploads\/2024\/12\/Salesforce-dublin-06.jpg 1200w\" sizes=\"auto, (max-width: 1024px) 100vw, 1024px\" \/>\t\t\t\t\t<\/a>\n\t\t\t\t\t\t\t<\/div>\n\t\t\t\t\t\t<h3 class=\"uagb-post__title uagb-post__text\">\n\t\t\t\t<a href=\"https:\/\/www.terapiaurbana.com\/nl\/projecten\/salesforce-dublin-gastvrijheid\/\" target=\"_self\" rel=\"bookmark noopener noreferrer\">Salesforce Dublin Gastvrijheid<\/a>\n\t\t\t<\/h3>\n\t\t\t\t\t\t<div class='uagb-post__text uagb-post-grid-byline'>\n\t\t\t\t\t\t\t<\/div>\n\t\t\t\t\t\t<div class=\"uagb-post__text uagb-post__cta wp-block-button\">\n\t\t\t\t<a class=\"wp-block-button__link uagb-text-link\" style=\"\" href=\"https:\/\/www.terapiaurbana.com\/nl\/projecten\/salesforce-dublin-gastvrijheid\/\" target=\"_self\" rel=\"bookmark noopener noreferrer\">Bekijk project<\/a>\n\t\t\t<\/div>\n\t\t\t\n\t\t\t\t\t\t\t\t\t<\/article>\n\t\t\t\t\t\t\t\t\t\t\t\t\t\t\t\t<article class=\"uagb-post__inner-wrap\">\t\t\t\t\t\t\t\t<div class='uagb-post__image'>\n\t\t\t\t\t\t\t\t\t<a href=\"https:\/\/www.terapiaurbana.com\/nl\/projecten\/tabacalera-civic-center\/\" target=\"_self\" rel=\"bookmark noopener noreferrer\" class='uagb-image-ratio-inherit'><img loading=\"lazy\" decoding=\"async\" width=\"1024\" height=\"683\" src=\"https:\/\/www.terapiaurbana.com\/wp-content\/uploads\/2024\/12\/Tabacalera-10-1024x683.jpg\" class=\"attachment-large size-large\" alt=\"\" srcset=\"https:\/\/www.terapiaurbana.com\/wp-content\/uploads\/2024\/12\/Tabacalera-10-1024x683.jpg 1024w, https:\/\/www.terapiaurbana.com\/wp-content\/uploads\/2024\/12\/Tabacalera-10-300x200.jpg 300w, https:\/\/www.terapiaurbana.com\/wp-content\/uploads\/2024\/12\/Tabacalera-10-768x512.jpg 768w, https:\/\/www.terapiaurbana.com\/wp-content\/uploads\/2024\/12\/Tabacalera-10.jpg 1200w\" sizes=\"auto, (max-width: 1024px) 100vw, 1024px\" \/>\t\t\t\t\t<\/a>\n\t\t\t\t\t\t\t<\/div>\n\t\t\t\t\t\t<h3 class=\"uagb-post__title uagb-post__text\">\n\t\t\t\t<a href=\"https:\/\/www.terapiaurbana.com\/nl\/projecten\/tabacalera-civic-center\/\" target=\"_self\" rel=\"bookmark noopener noreferrer\">Tabacalera Civic Center<\/a>\n\t\t\t<\/h3>\n\t\t\t\t\t\t<div class='uagb-post__text uagb-post-grid-byline'>\n\t\t\t\t\t\t\t<\/div>\n\t\t\t\t\t\t<div class=\"uagb-post__text uagb-post__cta wp-block-button\">\n\t\t\t\t<a class=\"wp-block-button__link uagb-text-link\" style=\"\" href=\"https:\/\/www.terapiaurbana.com\/nl\/projecten\/tabacalera-civic-center\/\" target=\"_self\" rel=\"bookmark noopener noreferrer\">Bekijk project<\/a>\n\t\t\t<\/div>\n\t\t\t\n\t\t\t\t\t\t\t\t\t<\/article>\n\t\t\t\t\t\t\t\t\t\t\t\t\t\t\t\t<article class=\"uagb-post__inner-wrap\">\t\t\t\t\t\t\t\t<div class='uagb-post__image'>\n\t\t\t\t\t\t\t\t\t<a href=\"https:\/\/www.terapiaurbana.com\/nl\/projecten\/bestanden-offices\/\" target=\"_self\" rel=\"bookmark noopener noreferrer\" class='uagb-image-ratio-inherit'><img loading=\"lazy\" decoding=\"async\" width=\"1024\" height=\"683\" src=\"https:\/\/www.terapiaurbana.com\/wp-content\/uploads\/2024\/12\/Bestanden-04-1024x683.jpg\" class=\"attachment-large size-large\" alt=\"\" srcset=\"https:\/\/www.terapiaurbana.com\/wp-content\/uploads\/2024\/12\/Bestanden-04-1024x683.jpg 1024w, https:\/\/www.terapiaurbana.com\/wp-content\/uploads\/2024\/12\/Bestanden-04-300x200.jpg 300w, https:\/\/www.terapiaurbana.com\/wp-content\/uploads\/2024\/12\/Bestanden-04-768x512.jpg 768w, https:\/\/www.terapiaurbana.com\/wp-content\/uploads\/2024\/12\/Bestanden-04.jpg 1200w\" sizes=\"auto, (max-width: 1024px) 100vw, 1024px\" \/>\t\t\t\t\t<\/a>\n\t\t\t\t\t\t\t<\/div>\n\t\t\t\t\t\t<h3 class=\"uagb-post__title uagb-post__text\">\n\t\t\t\t<a href=\"https:\/\/www.terapiaurbana.com\/nl\/projecten\/bestanden-offices\/\" target=\"_self\" rel=\"bookmark noopener noreferrer\">Bestanden Offices<\/a>\n\t\t\t<\/h3>\n\t\t\t\t\t\t<div class='uagb-post__text uagb-post-grid-byline'>\n\t\t\t\t\t\t\t<\/div>\n\t\t\t\t\t\t<div class=\"uagb-post__text uagb-post__cta wp-block-button\">\n\t\t\t\t<a class=\"wp-block-button__link uagb-text-link\" style=\"\" href=\"https:\/\/www.terapiaurbana.com\/nl\/projecten\/bestanden-offices\/\" target=\"_self\" rel=\"bookmark noopener noreferrer\">Bekijk project<\/a>\n\t\t\t<\/div>\n\t\t\t\n\t\t\t\t\t\t\t\t\t<\/article>\n\t\t\t\t\t\t\t\t\t\t\t\t\t\t\t\t<article class=\"uagb-post__inner-wrap\">\t\t\t\t\t\t\t\t<div class='uagb-post__image'>\n\t\t\t\t\t\t\t\t\t<a href=\"https:\/\/www.terapiaurbana.com\/nl\/projecten\/jaguar-land-rover-sunbury\/\" target=\"_self\" rel=\"bookmark noopener noreferrer\" class='uagb-image-ratio-inherit'><img loading=\"lazy\" decoding=\"async\" width=\"1024\" height=\"683\" src=\"https:\/\/www.terapiaurbana.com\/wp-content\/uploads\/2024\/12\/JLR-Sunbury-01-1024x683.jpg\" class=\"attachment-large size-large\" alt=\"\" srcset=\"https:\/\/www.terapiaurbana.com\/wp-content\/uploads\/2024\/12\/JLR-Sunbury-01-1024x683.jpg 1024w, https:\/\/www.terapiaurbana.com\/wp-content\/uploads\/2024\/12\/JLR-Sunbury-01-300x200.jpg 300w, https:\/\/www.terapiaurbana.com\/wp-content\/uploads\/2024\/12\/JLR-Sunbury-01-768x512.jpg 768w, https:\/\/www.terapiaurbana.com\/wp-content\/uploads\/2024\/12\/JLR-Sunbury-01.jpg 1200w\" sizes=\"auto, (max-width: 1024px) 100vw, 1024px\" \/>\t\t\t\t\t<\/a>\n\t\t\t\t\t\t\t<\/div>\n\t\t\t\t\t\t<h3 class=\"uagb-post__title uagb-post__text\">\n\t\t\t\t<a href=\"https:\/\/www.terapiaurbana.com\/nl\/projecten\/jaguar-land-rover-sunbury\/\" target=\"_self\" rel=\"bookmark noopener noreferrer\">Jaguar Land Rover Sunbury<\/a>\n\t\t\t<\/h3>\n\t\t\t\t\t\t<div class='uagb-post__text uagb-post-grid-byline'>\n\t\t\t\t\t\t\t<\/div>\n\t\t\t\t\t\t<div class=\"uagb-post__text uagb-post__cta wp-block-button\">\n\t\t\t\t<a class=\"wp-block-button__link uagb-text-link\" style=\"\" href=\"https:\/\/www.terapiaurbana.com\/nl\/projecten\/jaguar-land-rover-sunbury\/\" target=\"_self\" rel=\"bookmark noopener noreferrer\">Bekijk project<\/a>\n\t\t\t<\/div>\n\t\t\t\n\t\t\t\t\t\t\t\t\t<\/article>\n\t\t\t\t\t\t\t\t\t\t\t\t\t\t\t\t<article class=\"uagb-post__inner-wrap\">\t\t\t\t\t\t\t\t<div class='uagb-post__image'>\n\t\t\t\t\t\t\t\t\t<a href=\"https:\/\/www.terapiaurbana.com\/nl\/projecten\/jaguar-land-rover-munich\/\" target=\"_self\" rel=\"bookmark noopener noreferrer\" class='uagb-image-ratio-inherit'><img loading=\"lazy\" decoding=\"async\" width=\"1024\" height=\"683\" src=\"https:\/\/www.terapiaurbana.com\/wp-content\/uploads\/2024\/12\/JLR-Munich-04-1024x683.jpg\" class=\"attachment-large size-large\" alt=\"\" srcset=\"https:\/\/www.terapiaurbana.com\/wp-content\/uploads\/2024\/12\/JLR-Munich-04-1024x683.jpg 1024w, https:\/\/www.terapiaurbana.com\/wp-content\/uploads\/2024\/12\/JLR-Munich-04-300x200.jpg 300w, https:\/\/www.terapiaurbana.com\/wp-content\/uploads\/2024\/12\/JLR-Munich-04-768x512.jpg 768w, https:\/\/www.terapiaurbana.com\/wp-content\/uploads\/2024\/12\/JLR-Munich-04.jpg 1200w\" sizes=\"auto, (max-width: 1024px) 100vw, 1024px\" \/>\t\t\t\t\t<\/a>\n\t\t\t\t\t\t\t<\/div>\n\t\t\t\t\t\t<h3 class=\"uagb-post__title uagb-post__text\">\n\t\t\t\t<a href=\"https:\/\/www.terapiaurbana.com\/nl\/projecten\/jaguar-land-rover-munich\/\" target=\"_self\" rel=\"bookmark noopener noreferrer\">Jaguar Land Rover Munich<\/a>\n\t\t\t<\/h3>\n\t\t\t\t\t\t<div class='uagb-post__text uagb-post-grid-byline'>\n\t\t\t\t\t\t\t<\/div>\n\t\t\t\t\t\t<div class=\"uagb-post__text uagb-post__cta wp-block-button\">\n\t\t\t\t<a class=\"wp-block-button__link uagb-text-link\" style=\"\" href=\"https:\/\/www.terapiaurbana.com\/nl\/projecten\/jaguar-land-rover-munich\/\" target=\"_self\" rel=\"bookmark noopener noreferrer\">Bekijk project<\/a>\n\t\t\t<\/div>\n\t\t\t\n\t\t\t\t\t\t\t\t\t<\/article>\n\t\t\t\t\t\t\t\t\t\t\t\t\t\t\t\t<article class=\"uagb-post__inner-wrap\">\t\t\t\t\t\t\t\t<div class='uagb-post__image'>\n\t\t\t\t\t\t\t\t\t<a href=\"https:\/\/www.terapiaurbana.com\/nl\/projecten\/cultuur-en-kunstcentrum-in-ede\/\" target=\"_self\" rel=\"bookmark noopener noreferrer\" class='uagb-image-ratio-inherit'><img loading=\"lazy\" decoding=\"async\" width=\"1024\" height=\"683\" src=\"https:\/\/www.terapiaurbana.com\/wp-content\/uploads\/2025\/04\/CULTURA-BLADGROEN-06-1024x683.jpg\" class=\"attachment-large size-large\" alt=\"centro cultural ede jv interior\" srcset=\"https:\/\/www.terapiaurbana.com\/wp-content\/uploads\/2025\/04\/CULTURA-BLADGROEN-06-1024x683.jpg 1024w, https:\/\/www.terapiaurbana.com\/wp-content\/uploads\/2025\/04\/CULTURA-BLADGROEN-06-300x200.jpg 300w, https:\/\/www.terapiaurbana.com\/wp-content\/uploads\/2025\/04\/CULTURA-BLADGROEN-06-768x512.jpg 768w, https:\/\/www.terapiaurbana.com\/wp-content\/uploads\/2025\/04\/CULTURA-BLADGROEN-06.jpg 1200w\" sizes=\"auto, (max-width: 1024px) 100vw, 1024px\" \/>\t\t\t\t\t<\/a>\n\t\t\t\t\t\t\t<\/div>\n\t\t\t\t\t\t<h3 class=\"uagb-post__title uagb-post__text\">\n\t\t\t\t<a href=\"https:\/\/www.terapiaurbana.com\/nl\/projecten\/cultuur-en-kunstcentrum-in-ede\/\" target=\"_self\" rel=\"bookmark noopener noreferrer\">Cultuur- en Kunstcentrum in Ede<\/a>\n\t\t\t<\/h3>\n\t\t\t\t\t\t<div class='uagb-post__text uagb-post-grid-byline'>\n\t\t\t\t\t\t\t<\/div>\n\t\t\t\t\t\t<div class=\"uagb-post__text uagb-post__cta wp-block-button\">\n\t\t\t\t<a class=\"wp-block-button__link uagb-text-link\" style=\"\" href=\"https:\/\/www.terapiaurbana.com\/nl\/projecten\/cultuur-en-kunstcentrum-in-ede\/\" target=\"_self\" rel=\"bookmark noopener noreferrer\">Bekijk project<\/a>\n\t\t\t<\/div>\n\t\t\t\n\t\t\t\t\t\t\t\t\t<\/article>\n\t\t\t\t\t\t\t\t\t\t\t<\/div>\n\t\t\t<\/div><\/div>\n\n\n\n<div class=\"wp-block-uagb-container uagb-block-b2428da0 alignfull uagb-is-root-container\"><div class=\"uagb-container-inner-blocks-wrap\">\n<div class=\"wp-block-uagb-container uagb-block-37ad9828\">\n<div class=\"wp-block-uagb-container uagb-block-e1cc366b\">\n<div class=\"wp-block-uagb-buttons uagb-buttons__outer-wrap uagb-btn__default-btn uagb-btn-tablet__default-btn uagb-btn-mobile__default-btn uagb-block-a6c0b09c\"><div class=\"uagb-buttons__wrap uagb-buttons-layout-wrap \">\n<div class=\"wp-block-uagb-buttons-child uagb-buttons__outer-wrap uagb-block-44d84c41 wp-block-button\"><div class=\"uagb-button__wrapper\"><a class=\"uagb-buttons-repeater wp-block-button__link\" aria-label=\"\" href=\"https:\/\/www.terapiaurbana.com\/nl\/projecten\/\" rel=\"follow noopener\" target=\"_self\" role=\"button\"><div class=\"uagb-button__link\">Meer projecten bekijken<\/div><\/a><\/div><\/div>\n<\/div><\/div>\n<\/div>\n<\/div>\n<\/div><\/div>\n\n\n\n<div class=\"wp-block-uagb-container uagb-block-50648237 alignfull uagb-is-root-container\"><div class=\"uagb-container-inner-blocks-wrap\">\n<div class=\"wp-block-uagb-advanced-heading uagb-block-7bb433d6\"><h2 class=\"uagb-heading-text\"><strong>Extra verlichting <\/strong><strong>PAR <\/strong><strong>voor verticale binnentuinen<\/strong><\/h2><\/div>\n\n\n\n<p><strong>Aanvullende verlichting<\/strong> is een essentieel element in verticale binnentuinen, vooral in ruimtes met weinig natuurlijk licht.<\/p>\n\n\n\n<p>Om een goede groei van de vegetatie te garanderen, voert <strong>Terapia Urbana<\/strong> voor elk project een <strong>lichtstudie<\/strong> uit, waarbij de kunstmatige lichtbronnen worden geselecteerd die het best passen bij de omstandigheden van de omgeving.<\/p>\n\n\n\n<p>In ons <strong>lichtadvies<\/strong> analyseren we:<\/p>\n\n\n\n<ul class=\"wp-block-list\">\n<li><strong>Type armatuur<\/strong>: Er worden specifieke LED-projectoren gebruikt met een golflengtespectrum dat geschikt is voor de groei van planten binnenshuis.<\/li>\n\n\n\n<li><strong>Lichtintensiteit en verdeling<\/strong>: We bepalen het vermogen en de positie van de lichtpunten om een uniforme dekking van PPFD&#8217;s (Photosynthetic Photon Flux Density) te garanderen.<\/li>\n\n\n\n<li><strong>Belichtingsduur<\/strong>: Een PAR kunstlichtplan is ontworpen om de natuurlijke cyclus van de planten aan te vullen.<\/li>\n<\/ul>\n\n\n\n<p><\/p>\n\n\n\n<p>Deze aanpak zorgt ervoor dat elke verticale binnentuin gezond blijft en er ook na verloop van tijd prachtig uitziet.<\/p>\n\n\n\n<details class=\"wp-block-details is-layout-flow wp-block-details-is-layout-flow\"><summary><strong>Verticale binnentuin in kantoren<\/strong><\/summary>\n<p>Bedrijven als <strong>Salesforce, Amazon en Airbus<\/strong> hebben gekozen voor groene muren in hun kantoren en werkomgevingen om het welzijn van hun werknemers te verbeteren. De aanwezigheid van groen in werkruimten is bewezen: <\/p>\n\n\n\n<ul class=\"wp-block-list\">\n<li>Verbeter de luchtkwaliteit en verminder vermoeidheid.<\/li>\n\n\n\n<li>Verhoog productiviteit en concentratie.<\/li>\n\n\n\n<li>Verminder stressniveaus.<\/li>\n<\/ul>\n<\/details>\n\n\n\n<details class=\"wp-block-details is-layout-flow wp-block-details-is-layout-flow\"><summary><strong><strong>Verticale binnentuin in hotels<\/strong><\/strong><\/summary>\n<p>Ketens zoals <strong>Radisson<\/strong> hebben verticale tuinen in hun faciliteiten opgenomen om hun gasten een meer natuurlijke en ontspannende ervaring te bieden. Een <strong>groene muur in de lobby of gemeenschappelijke ruimten<\/strong> versterkt de groene identiteit van het hotel en verbetert de gastervaring, waardoor een sterkere biofiele band met de ruimte en het merk ontstaat. <br><\/p>\n<\/details>\n\n\n\n<details class=\"wp-block-details is-layout-flow wp-block-details-is-layout-flow\"><summary><strong><strong><strong>Indoor verticale tuinen in winkelcentra en openbare ruimtes<\/strong><\/strong><\/strong><\/summary>\n<p>Verticale tuinen in <strong>winkelcentra<\/strong> en <strong>openbare ruimtes<\/strong> verbeteren niet alleen het landschap, maar ook het milieu:<\/p>\n\n\n\n<ul class=\"wp-block-list\">\n<li>Ze trekken bezoekers aan door een meer gastvrije en comfortabele omgeving te bieden.<\/li>\n\n\n\n<li>Ze verbeteren de akoestiek in de kamer door omgevingsgeluid te verminderen.<\/li>\n\n\n\n<li>Ze versterken het streven van het winkelcentrum naar duurzaamheid.<\/li>\n<\/ul>\n\n\n\n<p>Een voorbeeld hiervan is <strong>Terapia Urbana<\/strong> &#8217;s werk aan impactvolle projecten met merken als <strong>Asics<\/strong>, of het Plaza Mayor winkelcentrum in Malaga, waar verticale tuinen deel uitmaken van de groene identiteitsstrategie.<br><\/p>\n<\/details>\n<\/div><\/div>\n\n\n\n<div class=\"wp-block-uagb-container uagb-block-2cb52af5 alignfull uagb-is-root-container\"><div class=\"uagb-container-inner-blocks-wrap\">\n<p>Bij <strong>Terapia Urbana<\/strong> bieden we een complete <strong>landschaps- en verlichtingsadviesdienst<\/strong>, gericht op het garanderen van de levensvatbaarheid en duurzaamheid op lange termijn van elk project.<\/p>\n\n\n\n<div class=\"wp-block-uagb-advanced-heading uagb-block-c68a49e2\"><h2 class=\"uagb-heading-text\"><strong>Advies over landschapsarchitectuur en verlichting voor verticale binnentuinen<\/strong><\/h2><\/div>\n\n\n\n<p>Ons technisch team werkt samen met architecten, ontwerpers en ingenieurs om:<\/p>\n\n\n\n<ul class=\"wp-block-list\">\n<li>Ontwerp verticale tuinen op basis van onze <strong>Fytotextile<\/strong><strong>(r) <\/strong> technologie op maat van elke ruimte.<\/li>\n\n\n\n<li>Kies de juiste plantensoort op basis van de omgeving en de verlichting.<\/li>\n\n\n\n<li>Bepaal oplossingen <strong>voor extra verlichting<\/strong> voor een optimale ontwikkeling van planten.<\/li>\n\n\n\n<li>Integreer de verticale tuin in het architectonisch ontwerp en zorg voor een correcte implementatie.<\/li>\n<\/ul>\n\n\n\n<p>Dankzij onze ervaring met gerenommeerde internationale bedrijven kunnen we je helpen om bij elke installatie<strong>de<\/strong><strong> beste<\/strong> <strong>resultaten<\/strong> te behalen.<\/p>\n\n\n\n<div class=\"wp-block-uagb-advanced-heading uagb-block-3da26e9b\"><h3 class=\"uagb-heading-text\"><strong>De natuur integreren in interieurs<\/strong><\/h3><\/div>\n\n\n\n<p><strong>Verticale binnentuinen<\/strong> zijn een duurzame oplossing die de luchtkwaliteit verbetert, het welzijn bevordert en de identiteit van elke ruimte verbetert. Als u een <strong>verticale binnentuin<\/strong> in uw volgende project wilt opnemen, of het nu in kantoren, hotels of commerci\u00eble ruimtes is, neem dan <strong>contact met ons op<\/strong> en ons deskundige team zal u helpen het beste resultaat te bereiken. <\/p>\n<\/div><\/div>\n","protected":false},"excerpt":{"rendered":"<p>Verticale binnentuin Verticale binnentuinen zijn een perfecte expressie van biofilie, onze aangeboren verbinding met de natuur. Deze groene ruimtes helpen [&hellip;]<\/p>\n","protected":false},"author":1,"featured_media":0,"parent":0,"menu_order":0,"comment_status":"closed","ping_status":"closed","template":"","meta":{"_uag_custom_page_level_css":"","site-sidebar-layout":"default","site-content-layout":"","ast-site-content-layout":"full-width-container","site-content-style":"default","site-sidebar-style":"default","ast-global-header-display":"","ast-banner-title-visibility":"","ast-main-header-display":"","ast-hfb-above-header-display":"","ast-hfb-below-header-display":"","ast-hfb-mobile-header-display":"","site-post-title":"disabled","ast-breadcrumbs-content":"","ast-featured-img":"","footer-sml-layout":"","theme-transparent-header-meta":"","adv-header-id-meta":"","stick-header-meta":"","header-above-stick-meta":"","header-main-stick-meta":"","header-below-stick-meta":"","astra-migrate-meta-layouts":"default","ast-page-background-enabled":"default","ast-page-background-meta":{"desktop":{"background-color":"var(--ast-global-color-4)","background-image":"","background-repeat":"repeat","background-position":"center center","background-size":"auto","background-attachment":"scroll","background-type":"","background-media":"","overlay-type":"","overlay-color":"","overlay-opacity":"","overlay-gradient":""},"tablet":{"background-color":"","background-image":"","background-repeat":"repeat","background-position":"center center","background-size":"auto","background-attachment":"scroll","background-type":"","background-media":"","overlay-type":"","overlay-color":"","overlay-opacity":"","overlay-gradient":""},"mobile":{"background-color":"","background-image":"","background-repeat":"repeat","background-position":"center center","background-size":"auto","background-attachment":"scroll","background-type":"","background-media":"","overlay-type":"","overlay-color":"","overlay-opacity":"","overlay-gradient":""}},"ast-content-background-meta":{"desktop":{"background-color":"var(--ast-global-color-5)","background-image":"","background-repeat":"repeat","background-position":"center center","background-size":"auto","background-attachment":"scroll","background-type":"","background-media":"","overlay-type":"","overlay-color":"","overlay-opacity":"","overlay-gradient":""},"tablet":{"background-color":"var(--ast-global-color-5)","background-image":"","background-repeat":"repeat","background-position":"center center","background-size":"auto","background-attachment":"scroll","background-type":"","background-media":"","overlay-type":"","overlay-color":"","overlay-opacity":"","overlay-gradient":""},"mobile":{"background-color":"var(--ast-global-color-5)","background-image":"","background-repeat":"repeat","background-position":"center center","background-size":"auto","background-attachment":"scroll","background-type":"","background-media":"","overlay-type":"","overlay-color":"","overlay-opacity":"","overlay-gradient":""}},"footnotes":""},"class_list":["post-63596","page","type-page","status-publish","hentry"],"yoast_head":"<!-- This site is optimized with the Yoast SEO plugin v26.3 - https:\/\/yoast.com\/wordpress\/plugins\/seo\/ -->\n<title>Verticale binnentuin | Terapia Urbana<\/title>\n<meta name=\"description\" content=\"Ontdek hoe een verticale binnentuin een ruimte kan veranderen in een oase van welzijn. Specialisten in verticale tuinen.\" \/>\n<meta name=\"robots\" content=\"index, follow, max-snippet:-1, max-image-preview:large, max-video-preview:-1\" \/>\n<link rel=\"canonical\" href=\"https:\/\/www.terapiaurbana.com\/nl\/verticale-binnentuin\/\" \/>\n<meta property=\"og:locale\" content=\"nl_NL\" \/>\n<meta property=\"og:type\" content=\"article\" \/>\n<meta property=\"og:title\" content=\"Verticale binnentuin | Terapia Urbana\" \/>\n<meta property=\"og:description\" content=\"Ontdek hoe een verticale binnentuin een ruimte kan veranderen in een oase van welzijn. Specialisten in verticale tuinen.\" \/>\n<meta property=\"og:url\" content=\"https:\/\/www.terapiaurbana.com\/nl\/verticale-binnentuin\/\" \/>\n<meta property=\"article:publisher\" content=\"https:\/\/www.facebook.com\/terapiaurbana\/\" \/>\n<meta property=\"article:modified_time\" content=\"2025-11-06T12:04:52+00:00\" \/>\n<meta property=\"og:image\" content=\"https:\/\/www.terapiaurbana.com\/wp-content\/uploads\/2025\/11\/NEER-Jardin-Vertical-100-1.jpg\" \/>\n<meta name=\"twitter:card\" content=\"summary_large_image\" \/>\n<meta name=\"twitter:site\" content=\"@terapia_urbana\" \/>\n<meta name=\"twitter:label1\" content=\"Geschatte leestijd\" \/>\n\t<meta name=\"twitter:data1\" content=\"6 minuten\" \/>\n<script type=\"application\/ld+json\" class=\"yoast-schema-graph\">{\"@context\":\"https:\/\/schema.org\",\"@graph\":[{\"@type\":\"WebPage\",\"@id\":\"https:\/\/www.terapiaurbana.com\/nl\/verticale-binnentuin\/\",\"url\":\"https:\/\/www.terapiaurbana.com\/nl\/verticale-binnentuin\/\",\"name\":\"Verticale binnentuin | Terapia Urbana\",\"isPartOf\":{\"@id\":\"https:\/\/www.terapiaurbana.com\/nl\/#website\"},\"primaryImageOfPage\":{\"@id\":\"https:\/\/www.terapiaurbana.com\/nl\/verticale-binnentuin\/#primaryimage\"},\"image\":{\"@id\":\"https:\/\/www.terapiaurbana.com\/nl\/verticale-binnentuin\/#primaryimage\"},\"thumbnailUrl\":\"https:\/\/www.terapiaurbana.com\/wp-content\/uploads\/2025\/11\/NEER-Jardin-Vertical-100-1.jpg\",\"datePublished\":\"2024-11-19T09:43:46+00:00\",\"dateModified\":\"2025-11-06T12:04:52+00:00\",\"description\":\"Ontdek hoe een verticale binnentuin een ruimte kan veranderen in een oase van welzijn. Specialisten in verticale tuinen.\",\"breadcrumb\":{\"@id\":\"https:\/\/www.terapiaurbana.com\/nl\/verticale-binnentuin\/#breadcrumb\"},\"inLanguage\":\"nl-NL\",\"potentialAction\":[{\"@type\":\"ReadAction\",\"target\":[\"https:\/\/www.terapiaurbana.com\/nl\/verticale-binnentuin\/\"]}]},{\"@type\":\"ImageObject\",\"inLanguage\":\"nl-NL\",\"@id\":\"https:\/\/www.terapiaurbana.com\/nl\/verticale-binnentuin\/#primaryimage\",\"url\":\"https:\/\/www.terapiaurbana.com\/wp-content\/uploads\/2025\/11\/NEER-Jardin-Vertical-100-1.jpg\",\"contentUrl\":\"https:\/\/www.terapiaurbana.com\/wp-content\/uploads\/2025\/11\/NEER-Jardin-Vertical-100-1.jpg\"},{\"@type\":\"BreadcrumbList\",\"@id\":\"https:\/\/www.terapiaurbana.com\/nl\/verticale-binnentuin\/#breadcrumb\",\"itemListElement\":[{\"@type\":\"ListItem\",\"position\":1,\"name\":\"Portada\",\"item\":\"https:\/\/www.terapiaurbana.com\/nl\/\"},{\"@type\":\"ListItem\",\"position\":2,\"name\":\"Verticale binnentuin\"}]},{\"@type\":\"WebSite\",\"@id\":\"https:\/\/www.terapiaurbana.com\/nl\/#website\",\"url\":\"https:\/\/www.terapiaurbana.com\/nl\/\",\"name\":\"Terapia Urbana | Especialistas en jardines verticales\",\"description\":\"Especialistas en dise\u00f1o de jardines verticales exteriores e interiores naturales con tecnolog\u00eda Fytotextile y iluminaci\u00f3n auxiliar para una sostenible y funcional\",\"alternateName\":\"Terapia Urbana\",\"potentialAction\":[{\"@type\":\"SearchAction\",\"target\":{\"@type\":\"EntryPoint\",\"urlTemplate\":\"https:\/\/www.terapiaurbana.com\/nl\/?s={search_term_string}\"},\"query-input\":{\"@type\":\"PropertyValueSpecification\",\"valueRequired\":true,\"valueName\":\"search_term_string\"}}],\"inLanguage\":\"nl-NL\"}]}<\/script>\n<!-- \/ Yoast SEO plugin. -->","yoast_head_json":{"title":"Verticale binnentuin | Terapia Urbana","description":"Ontdek hoe een verticale binnentuin een ruimte kan veranderen in een oase van welzijn. Specialisten in verticale tuinen.","robots":{"index":"index","follow":"follow","max-snippet":"max-snippet:-1","max-image-preview":"max-image-preview:large","max-video-preview":"max-video-preview:-1"},"canonical":"https:\/\/www.terapiaurbana.com\/nl\/verticale-binnentuin\/","og_locale":"nl_NL","og_type":"article","og_title":"Verticale binnentuin | Terapia Urbana","og_description":"Ontdek hoe een verticale binnentuin een ruimte kan veranderen in een oase van welzijn. Specialisten in verticale tuinen.","og_url":"https:\/\/www.terapiaurbana.com\/nl\/verticale-binnentuin\/","article_publisher":"https:\/\/www.facebook.com\/terapiaurbana\/","article_modified_time":"2025-11-06T12:04:52+00:00","og_image":[{"url":"https:\/\/www.terapiaurbana.com\/wp-content\/uploads\/2025\/11\/NEER-Jardin-Vertical-100-1.jpg","type":"","width":"","height":""}],"twitter_card":"summary_large_image","twitter_site":"@terapia_urbana","twitter_misc":{"Geschatte leestijd":"6 minuten"},"schema":{"@context":"https:\/\/schema.org","@graph":[{"@type":"WebPage","@id":"https:\/\/www.terapiaurbana.com\/nl\/verticale-binnentuin\/","url":"https:\/\/www.terapiaurbana.com\/nl\/verticale-binnentuin\/","name":"Verticale binnentuin | Terapia Urbana","isPartOf":{"@id":"https:\/\/www.terapiaurbana.com\/nl\/#website"},"primaryImageOfPage":{"@id":"https:\/\/www.terapiaurbana.com\/nl\/verticale-binnentuin\/#primaryimage"},"image":{"@id":"https:\/\/www.terapiaurbana.com\/nl\/verticale-binnentuin\/#primaryimage"},"thumbnailUrl":"https:\/\/www.terapiaurbana.com\/wp-content\/uploads\/2025\/11\/NEER-Jardin-Vertical-100-1.jpg","datePublished":"2024-11-19T09:43:46+00:00","dateModified":"2025-11-06T12:04:52+00:00","description":"Ontdek hoe een verticale binnentuin een ruimte kan veranderen in een oase van welzijn. Specialisten in verticale tuinen.","breadcrumb":{"@id":"https:\/\/www.terapiaurbana.com\/nl\/verticale-binnentuin\/#breadcrumb"},"inLanguage":"nl-NL","potentialAction":[{"@type":"ReadAction","target":["https:\/\/www.terapiaurbana.com\/nl\/verticale-binnentuin\/"]}]},{"@type":"ImageObject","inLanguage":"nl-NL","@id":"https:\/\/www.terapiaurbana.com\/nl\/verticale-binnentuin\/#primaryimage","url":"https:\/\/www.terapiaurbana.com\/wp-content\/uploads\/2025\/11\/NEER-Jardin-Vertical-100-1.jpg","contentUrl":"https:\/\/www.terapiaurbana.com\/wp-content\/uploads\/2025\/11\/NEER-Jardin-Vertical-100-1.jpg"},{"@type":"BreadcrumbList","@id":"https:\/\/www.terapiaurbana.com\/nl\/verticale-binnentuin\/#breadcrumb","itemListElement":[{"@type":"ListItem","position":1,"name":"Portada","item":"https:\/\/www.terapiaurbana.com\/nl\/"},{"@type":"ListItem","position":2,"name":"Verticale binnentuin"}]},{"@type":"WebSite","@id":"https:\/\/www.terapiaurbana.com\/nl\/#website","url":"https:\/\/www.terapiaurbana.com\/nl\/","name":"Terapia Urbana | Especialistas en jardines verticales","description":"Especialistas en dise\u00f1o de jardines verticales exteriores e interiores naturales con tecnolog\u00eda Fytotextile y iluminaci\u00f3n auxiliar para una sostenible y funcional","alternateName":"Terapia Urbana","potentialAction":[{"@type":"SearchAction","target":{"@type":"EntryPoint","urlTemplate":"https:\/\/www.terapiaurbana.com\/nl\/?s={search_term_string}"},"query-input":{"@type":"PropertyValueSpecification","valueRequired":true,"valueName":"search_term_string"}}],"inLanguage":"nl-NL"}]}},"uagb_featured_image_src":{"full":false,"thumbnail":false,"medium":false,"medium_large":false,"large":false,"1536x1536":false,"2048x2048":false,"gform-image-choice-sm":false,"gform-image-choice-md":false,"gform-image-choice-lg":false},"uagb_author_info":{"display_name":"terapiaurbana","author_link":"https:\/\/www.terapiaurbana.com\/nl\/author\/terapiaurbana\/"},"uagb_comment_info":0,"uagb_excerpt":"Verticale binnentuin Verticale binnentuinen zijn een perfecte expressie van biofilie, onze aangeboren verbinding met de natuur. Deze groene ruimtes helpen [&hellip;]","_links":{"self":[{"href":"https:\/\/www.terapiaurbana.com\/nl\/wp-json\/wp\/v2\/pages\/63596","targetHints":{"allow":["GET"]}}],"collection":[{"href":"https:\/\/www.terapiaurbana.com\/nl\/wp-json\/wp\/v2\/pages"}],"about":[{"href":"https:\/\/www.terapiaurbana.com\/nl\/wp-json\/wp\/v2\/types\/page"}],"author":[{"embeddable":true,"href":"https:\/\/www.terapiaurbana.com\/nl\/wp-json\/wp\/v2\/users\/1"}],"replies":[{"embeddable":true,"href":"https:\/\/www.terapiaurbana.com\/nl\/wp-json\/wp\/v2\/comments?post=63596"}],"version-history":[{"count":9,"href":"https:\/\/www.terapiaurbana.com\/nl\/wp-json\/wp\/v2\/pages\/63596\/revisions"}],"predecessor-version":[{"id":66039,"href":"https:\/\/www.terapiaurbana.com\/nl\/wp-json\/wp\/v2\/pages\/63596\/revisions\/66039"}],"wp:attachment":[{"href":"https:\/\/www.terapiaurbana.com\/nl\/wp-json\/wp\/v2\/media?parent=63596"}],"curies":[{"name":"wp","href":"https:\/\/api.w.org\/{rel}","templated":true}]}}